{"id":6238,"date":"2019-12-17T10:17:54","date_gmt":"2019-12-17T07:17:54","guid":{"rendered":"https:\/\/zidek.org.tr\/?page_id=6238"},"modified":"2022-12-14T12:57:21","modified_gmt":"2022-12-14T09:57:21","slug":"prof-dr-hasan-celik","status":"publish","type":"page","link":"https:\/\/zidek.org.tr\/en\/prof-dr-hasan-celik\/","title":{"rendered":"Prof. Dr. Hasan \u00c7EL\u0130K"},"content":{"rendered":"<p><img decoding=\"async\" class=\"lazyload wp-image-1146 aligncenter\" src=\"https:\/\/zidek.org.tr\/wp-content\/uploads\/2019\/12\/Hasan-\u00c7elik2-250x300.jpg\" data-orig-src=\"https:\/\/zidek.org.tr\/wp-content\/uploads\/2019\/12\/Hasan-\u00c7elik2-250x300.jpg\" alt=\"\" width=\"166\" height=\"199\" srcset=\"data:image\/svg+xml,%3Csvg%20xmlns%3D%27http%3A%2F%2Fwww.w3.org%2F2000%2Fsvg%27%20width%3D%27166%27%20height%3D%27199%27%20viewBox%3D%270%200%20166%20199%27%3E%3Crect%20width%3D%27166%27%20height%3D%27199%27%20fill-opacity%3D%220%22%2F%3E%3C%2Fsvg%3E\" data-srcset=\"https:\/\/zidek.org.tr\/wp-content\/uploads\/2019\/12\/Hasan-\u00c7elik2-250x300.jpg 250w, https:\/\/zidek.org.tr\/wp-content\/uploads\/2019\/12\/Hasan-\u00c7elik2.jpg 622w\" data-sizes=\"auto\" data-orig-sizes=\"(max-width: 166px) 100vw, 166px\" \/><\/p>\n<p><span style=\"font-family: arial, helvetica, sans-serif;\"><img decoding=\"async\" class=\"lazyload alignleft wp-image-348\" src=\"data:image\/svg+xml,%3Csvg%20xmlns%3D%27http%3A%2F%2Fwww.w3.org%2F2000%2Fsvg%27%20width%3D%2788%27%20height%3D%2790%27%20viewBox%3D%270%200%2088%2090%27%3E%3Crect%20width%3D%2788%27%20height%3D%2790%27%20fill-opacity%3D%220%22%2F%3E%3C%2Fsvg%3E\" data-orig-src=\"https:\/\/zidek.org.tr\/wp-content\/uploads\/2019\/11\/zidek2011webson1.png\" alt=\"\" width=\"88\" height=\"90\" \/><\/span><\/p>\n<p>He was born in 1949 in K\u00f6yce\u011fiz\/\u00c7avu\u015flar Village of Eskipazar County, Karab\u00fck Province.<\/p>\n<p>He completed his primary, secondary and high school education in Karab\u00fck.<\/p>\n<p>He graduated first in his class from Ankara University Faculty of Agriculture Department of Horticulture in 1972, which he entered in 1967 when the 5-year system was first implemented.<\/p>\n<p>He started to work as a research assistant in 1974 at the department from which he graduated at the Vineyards-Orchards department. He received the titles &#8220;Doctor of Agriculture&#8221; in 1978, &#8220;Assistant Professor&#8221; in 1982, &#8220;Associate Professor&#8221; in 1983 and &#8220;Professor&#8221; in 1988.<\/p>\n<p>25 Master&#8217;s theses and 5 doctorate theses were completed under his direction. He has a total of 136 publications, 3 of which are published books (Genel Ba\u011fc\u0131l\u0131k, Genel Bah\u00e7e Bitkileri, \u00dcz\u00fcm \u00c7e\u015fit Katalo\u011fu) and 26 of which are in foreign a language (English).<\/p>\n<p>He executed scientific research projects and applied training programs in almost all parts of T\u00fcrkiye, gave conferences and seminars, worked in organization and scientific committees of scientific meetings, attended panels, festivals, expos and fairs\u00a0 for the development of national viticulture and vine production.<\/p>\n<p>He presented scientific papers, conducted scientific\/technical research and analyses, represented T\u00fcrkiye as a FAO Expert, attended fairs and expos in 37 international professional travels to 14 different countries.<\/p>\n<p>He worked as a coordinator and technical advisor between 1992-2018 to various foundations (Kalevak\/Kalecik-Ankara) and firms (Sunfidan\/Salihli-Manisa, Likya\/Elmal\u0131-Antalya, Doluca\/\u0130stanbul, Sanset-Vinero\/\u00c7anakkale, Fidan Corp.\/Ankara) on behalf of Ankara University.<\/p>\n<p>He worked as a &#8220;Faculty Research Assistant Representative&#8221; and &#8220;Member of the Executive Board&#8221; at Ankara University Faculty of Agriculture between 1978-1979 and at the Department of Horticulture, he worked as &#8220;Vice Head of Department&#8221; between 1983-1989, &#8220;Department Head&#8221; and &#8220;Faculty Council Member&#8221; between 1995-1998.<\/p>\n<p>He retired from his 37 years of academic career in June 2010.<\/p>\n<p>He was awarded the Service Award by the TMMOB Chamber of Agricultural Engineers<\/p>\n<p>He is married to Prof. Dr. Men\u015fure \u00c7EL\u0130K, who worked as a lecturer between 1973-2010 in &#8220;Fruit Growing Department&#8221; at the same institution. He has a daughther (Ceren \u00c7EL\u0130K) who works as a lecturer at Ankara University.<\/p>\n<p>He still works as a lecturer at European University of Lefke in Lefke Province of Turkish Republic of Northern Cyprus.<\/p>\n<p>Prof. Dr. Hasan \u00c7elik has been serving in the Z\u0130DEK Advisory Board since June 2019.<\/p>\n","protected":false},"excerpt":{"rendered":"<p>He was born in 1949 in K\u00f6yce\u011fiz\/\u00c7avu\u015flar Village of Eskipazar County, Karab\u00fck Province. He completed his primary, secondary and high school education in Karab\u00fck. He graduated first in his class from Ankara University Faculty of Agriculture Department of Horticulture in 1972, which he entered in 1967 when the 5-year system was first implemented. He started to work as a research assistant in 1974 at the department from which he graduated at the Vineyards-Orchards department. He received the titles &#8220;Doctor of Agriculture&#8221; in 1978, &#8220;Assistant Professor&#8221; in 1982, &#8220;Associate Professor&#8221; in 1983 and &#8220;Professor&#8221; in 1988. 25 Master&#8217;s theses and 5 doctorate [&hellip;]<\/p>\n","protected":false},"author":3,"featured_media":0,"parent":0,"menu_order":0,"comment_status":"closed","ping_status":"closed","template":"","meta":{"footnotes":""},"class_list":["post-6238","page","type-page","status-publish","hentry"],"aioseo_notices":[],"_links":{"self":[{"href":"https:\/\/zidek.org.tr\/en\/wp-json\/wp\/v2\/pages\/6238","targetHints":{"allow":["GET"]}}],"collection":[{"href":"https:\/\/zidek.org.tr\/en\/wp-json\/wp\/v2\/pages"}],"about":[{"href":"https:\/\/zidek.org.tr\/en\/wp-json\/wp\/v2\/types\/page"}],"author":[{"embeddable":true,"href":"https:\/\/zidek.org.tr\/en\/wp-json\/wp\/v2\/users\/3"}],"replies":[{"embeddable":true,"href":"https:\/\/zidek.org.tr\/en\/wp-json\/wp\/v2\/comments?post=6238"}],"version-history":[{"count":1,"href":"https:\/\/zidek.org.tr\/en\/wp-json\/wp\/v2\/pages\/6238\/revisions"}],"predecessor-version":[{"id":6241,"href":"https:\/\/zidek.org.tr\/en\/wp-json\/wp\/v2\/pages\/6238\/revisions\/6241"}],"wp:attachment":[{"href":"https:\/\/zidek.org.tr\/en\/wp-json\/wp\/v2\/media?parent=6238"}],"curies":[{"name":"wp","href":"https:\/\/api.w.org\/{rel}","templated":true}]}}